{"id":48,"date":"2013-11-03T01:26:13","date_gmt":"2013-11-03T01:26:13","guid":{"rendered":"http:\/\/mhngatineau.wordpress.com\/?page_id=48"},"modified":"2025-01-30T10:09:29","modified_gmt":"2025-01-30T15:09:29","slug":"a-propos","status":"publish","type":"page","link":"https:\/\/mhngatineau.com\/?page_id=48","title":{"rendered":"\u00c0 PROPOS DU MHN"},"content":{"rendered":"<table style=\"height: 4820px;\" width=\"691\">\n<tbody>\n<tr>\n<td><strong>Historique :<\/strong> N\u00e9 aux \u00c9tats-Unis en 1875 et d\u00e9c\u00e9d\u00e9 en 1950, Dr Carter G. Woodson fut l\u2019instigateur de la Semaine des Noirs en f\u00e9vrier 1926 (la Negro History Week). Le mois de f\u00e9vrier fut choisi parce qu\u2019il correspondait au mois d\u2019anniversaire de naissance de deux grands abolitionnistes de l\u2019esclavage, Frederick Douglas et Abraham Lincoln. Cet historien a r\u00e9v\u00e9l\u00e9 \u00e0 travers sa carri\u00e8re et ses \u0153uvres une autre version de l\u2019histoire. Il fut le cr\u00e9ateur d\u2019un courant d\u2019analyse plus scientifique des contributions des Noirs \u00e0 l\u2019histoire universelle. Il combattit, par la recherche et l\u2019\u00e9ducation, le racisme et les pr\u00e9jug\u00e9s de la soci\u00e9t\u00e9.<\/p>\n<p>Son plus grand r\u00eave \u00e9tait d\u2019int\u00e9grer l\u2019histoire africaine dans les programmes d\u2019\u00e9tudes des \u00e9coles. Pour lui, il ne suffisait pas que l\u2019histoire africaine fasse l\u2019objet d\u2019un enseignement scolaire, mais il fallait aussi que l\u2019instruction soit faite dans le respect et de mani\u00e8re plus sensible \u00e0 la diversit\u00e9.<\/p>\n<p><img fetchpriority=\"high\" decoding=\"async\" class=\"aligncenter wp-image-1116\" src=\"https:\/\/mtlonthemap.com\/wp-content\/uploads\/2018\/12\/Woodson.jpg?w=700\" alt=\"\" width=\"714\" height=\"401\" srcset=\"https:\/\/mhngatineau.com\/wp-content\/uploads\/2018\/12\/Woodson.jpg 1280w, https:\/\/mhngatineau.com\/wp-content\/uploads\/2018\/12\/Woodson-300x169.jpg 300w, https:\/\/mhngatineau.com\/wp-content\/uploads\/2018\/12\/Woodson-1024x576.jpg 1024w, https:\/\/mhngatineau.com\/wp-content\/uploads\/2018\/12\/Woodson-768x432.jpg 768w\" sizes=\"(max-width: 714px) 100vw, 714px\" \/><\/p>\n<p><iframe title=\"Why Carter G. Woodson Is The &#039;Father Of Black History&#039; | TIME\" width=\"700\" height=\"394\" src=\"https:\/\/www.youtube.com\/embed\/HvtaPuhpILA?feature=oembed\" frameborder=\"0\" allow=\"accelerometer; autoplay; clipboard-write; encrypted-media; gyroscope; picture-in-picture; web-share\" referrerpolicy=\"strict-origin-when-cross-origin\" allowfullscreen><\/iframe><\/p>\n<p>La Semaine des Noirs devint le Mois de l\u2019histoire des Noirs en 1976, dans le cadre des festivit\u00e9s du bicentenaire am\u00e9ricain. Cet \u00e9v\u00e9nement visait \u00e0 comm\u00e9morer d\u2019une mani\u00e8re plus fid\u00e8le et plus objective l\u2019histoire des Noirs. Il est aujourd\u2019hui c\u00e9l\u00e9br\u00e9 dans les plus grands centres urbains en Am\u00e9rique du Nord, en Afrique, en France, aux Cara\u00efbes, en Am\u00e9rique centrale et en Am\u00e9rique du Sud.<\/p>\n<p style=\"text-align: center;\"><a href=\"http:\/\/www.virginiamemory.com\/reading_room\/this_day_in_virginia_history\/february\/13\"><img decoding=\"async\" class=\"aligncenter size-full wp-image-1121\" src=\"https:\/\/mtlonthemap.com\/wp-content\/uploads\/2018\/12\/negroweek.jpg\" alt=\"\" width=\"462\" height=\"600\" srcset=\"https:\/\/mhngatineau.com\/wp-content\/uploads\/2018\/12\/negroweek.jpg 462w, https:\/\/mhngatineau.com\/wp-content\/uploads\/2018\/12\/negroweek-231x300.jpg 231w\" sizes=\"(max-width: 462px) 100vw, 462px\" \/><\/a> Affiche 1944 &#8211; Source : virginiamemory<\/p>\n<p><strong>Le Mois de l\u2019Histoire des Noirs au Qu\u00e9bec :<\/strong> Le 23 novembre 2006, suite aux recommandations du rapport du groupe de travail charg\u00e9 de conduire, \u00e0 l\u2019automne 2005, une consultation sur la participation \u00e0 la soci\u00e9t\u00e9 qu\u00e9b\u00e9coise des communaut\u00e9s noires, l\u2019Assembl\u00e9e nationale a adopt\u00e9 le projet de loi visant \u00e0 faire du mois de f\u00e9vrier le Mois de l\u2019histoire des Noirs, afin de souligner la contribution historique des communaut\u00e9s noires \u00e0 la soci\u00e9t\u00e9 qu\u00e9b\u00e9coise. Cette loi est entr\u00e9e en vigueur le 1er f\u00e9vrier 2007.<\/p>\n<p>Par l\u2019adoption de la loi proclamant le Mois de l\u2019histoire des Noirs, le gouvernement du Qu\u00e9bec entend non seulement ajouter sa voix au mouvement nord-am\u00e9ricain soulignant l\u2019apport des citoyennes et des citoyens des communaut\u00e9s noires, mais d\u00e9sire reconna\u00eetre officiellement l\u2019importance de cet \u00e9v\u00e9nement annuel pour l\u2019ensemble de la soci\u00e9t\u00e9 qu\u00e9b\u00e9coise.<\/p>\n<p>\u00c0 Gatineau, c\u2019est depuis 2003 que le Mois de l\u2019histoire des Noirs <a href=\"https:\/\/mhngatineau.com\/editions-anterieures\/\">https:\/\/mhngatineau.com\/editions-anterieures\/<\/a> est organis\u00e9 par la Ville de Gatineau, les organisations de la communaut\u00e9 noire de Gatineau (ci-devant Conseil consultatif des communaut\u00e9s noires de Gatineau) et avec le support financier du Minist\u00e8re de l\u2019Immigration, de la Diversit\u00e9 et de l\u2019Inclusion. Les nombreuses activit\u00e9s r\u00e9alis\u00e9es permettent \u00e0 la population qu\u00e9b\u00e9coise de d\u00e9couvrir la richesse et la diversit\u00e9 des communaut\u00e9s noires et de rendre hommage aux personnes qui se sont illustr\u00e9es dans diff\u00e9rents domaines.<br \/>\n<strong>Ressources p\u00e9dagogiques :<\/strong><\/p>\n<h1 class=\"title style-scope ytd-video-primary-info-renderer\">GUIDE P\u00c9DAGOGIQUE<a href=\"http:\/\/education.historicacanada.ca\/files\/145\/FR_BlackHistory_FINALPRINTFILE.pdf\"><img decoding=\"async\" class=\"aligncenter wp-image-1114\" src=\"https:\/\/mtlonthemap.com\/wp-content\/uploads\/2018\/12\/Black-History-FR.jpg\" alt=\"\" width=\"698\" height=\"233\" srcset=\"https:\/\/mhngatineau.com\/wp-content\/uploads\/2018\/12\/Black-History-FR.jpg 600w, https:\/\/mhngatineau.com\/wp-content\/uploads\/2018\/12\/Black-History-FR-300x100.jpg 300w\" sizes=\"(max-width: 698px) 100vw, 698px\" \/><\/a><\/h1>\n<h1>&#8212;&#8212;&#8212;&#8212;&#8212;&#8212;&#8212;&#8212;&#8212;&#8212;&#8212;<\/h1>\n<h1 class=\"title style-scope ytd-video-primary-info-renderer\">L\u2019HISTOIRE DES NOIRS AU CANADA : UNE CHRONOLOGIE S\u00c9LECTIVE<\/h1>\n<p><iframe title=\"L\u2019HISTOIRE DES NOIRS AU CANADA : UNE CHRONOLOGIE S\u00c9LECTIVE\" width=\"700\" height=\"394\" src=\"https:\/\/www.youtube.com\/embed\/IGMQ8_lBNX4?feature=oembed\" frameborder=\"0\" allow=\"accelerometer; autoplay; clipboard-write; encrypted-media; gyroscope; picture-in-picture; web-share\" referrerpolicy=\"strict-origin-when-cross-origin\" allowfullscreen><\/iframe><\/p>\n<h1>&#8212;&#8212;&#8212;&#8212;&#8212;&#8212;&#8212;&#8212;&#8212;&#8212;&#8212;<\/h1>\n<p>RCI<\/p>\n<p><iframe title=\"Les premiers esclaves noirs et non esclaves au Canada\" width=\"700\" height=\"394\" src=\"https:\/\/www.youtube.com\/embed\/-Ojp_ACql0I?start=45&#038;feature=oembed\" frameborder=\"0\" allow=\"accelerometer; autoplay; clipboard-write; encrypted-media; gyroscope; picture-in-picture; web-share\" referrerpolicy=\"strict-origin-when-cross-origin\" allowfullscreen><\/iframe><\/p>\n<p>WEBSTER<\/p>\n<p><iframe title=\"Webster avec Karim Ouellet - Qc History X - Vid\u00e9oclip\" width=\"700\" height=\"394\" src=\"https:\/\/www.youtube.com\/embed\/OdL14IfV3U0?start=1&#038;feature=oembed\" frameborder=\"0\" allow=\"accelerometer; autoplay; clipboard-write; encrypted-media; gyroscope; picture-in-picture; web-share\" referrerpolicy=\"strict-origin-when-cross-origin\" allowfullscreen><\/iframe><\/p>\n<p><strong>Autres c\u00e9l\u00e9brations du Mois de l\u2019histoire au Canada<\/strong><\/p>\n<p>Ottawa: Black History Ottawa <a href=\"http:\/\/www.blackhistoryottawa.org\">www.blackhistoryottawa.org<\/a><\/p>\n<p>Montr\u00e9al : Mois de l\u2019histoire des noirs Montr\u00e9al <a href=\"http:\/\/www.moishistoiredesnoirs.com\/\">http:\/\/www.moishistoiredesnoirs.com\/<\/a><\/p>\n<p>Qu\u00e9bec\u00a0: Mois de l\u2019histoire des noirs \u00e0 Qu\u00e9bec <a href=\"https:\/\/www.facebook.com\/pg\/MoisHistoireDesNoirsQC\/about\/?ref=page_internal\">https:\/\/www.facebook.com\/pg\/MoisHistoireDesNoirsQC\/about\/?ref=page_internal<\/a><\/p>\n<p>Minist\u00e8re de l\u2019Immigration, de la Diversit\u00e9 et de l\u2019Inclusion (MIDI)<br \/>\n<a href=\"http:\/\/www.quebecinterculturel.gouv.qc.ca\/fr\/evenements\/mois-histoire-noirs\/index.html\">http:\/\/www.quebecinterculturel.gouv.qc.ca\/fr\/evenements\/mois-histoire-noirs\/index.html<\/a><\/p>\n<p>Minist\u00e8re du Patrimoine Canadien<br \/>\n<a href=\"https:\/\/www.canada.ca\/fr\/patrimoine-canadien\/campagnes\/mois-histoire-des-noirs.html\">https:\/\/www.canada.ca\/fr\/patrimoine-canadien\/campagnes\/mois-histoire-des-noirs.html<\/a><\/p>\n<p><strong>Partenaires\u00a0<\/strong><\/p>\n<p style=\"text-align: center;\"><a href=\"https:\/\/sites.google.com\/site\/ccngatino\/\" target=\"_blank\" rel=\"noopener noreferrer\"><img loading=\"lazy\" decoding=\"async\" class=\"aligncenter wp-image-80 size-full\" src=\"https:\/\/mhngatineau.com\/wp-content\/uploads\/2013\/11\/ccng.jpg\" alt=\"ccng\" width=\"183\" height=\"201\" \/><\/a><a href=\"http:\/\/www.ville.gatineau.qc.ca\/portail\/default.aspx?p=accueil\" target=\"_blank\" rel=\"noopener noreferrer\"><img loading=\"lazy\" decoding=\"async\" class=\"aligncenter wp-image-79 size-medium\" src=\"https:\/\/mhngatineau.com\/wp-content\/uploads\/2013\/11\/logovilledegatineau-300x180.jpg\" alt=\"LogoVilleDeGatineau\" width=\"300\" height=\"180\" srcset=\"https:\/\/mhngatineau.com\/wp-content\/uploads\/2013\/11\/logovilledegatineau-300x180.jpg 300w, https:\/\/mhngatineau.com\/wp-content\/uploads\/2013\/11\/logovilledegatineau-768x461.jpg 768w, https:\/\/mhngatineau.com\/wp-content\/uploads\/2013\/11\/logovilledegatineau.jpg 917w\" sizes=\"(max-width: 300px) 100vw, 300px\" \/><\/a><a href=\"http:\/\/www.immigration-quebec.gouv.qc.ca\/fr\/index.php\"><img loading=\"lazy\" decoding=\"async\" class=\"aligncenter wp-image-383 \" src=\"https:\/\/mhngatineau.com\/wp-content\/uploads\/2015\/01\/sans-titre.png\" alt=\"sans-titre\" width=\"321\" height=\"153\" \/><\/a><\/p>\n<\/td>\n<\/tr>\n<\/tbody>\n<\/table>\n","protected":false},"excerpt":{"rendered":"<p>Historique : N\u00e9 aux \u00c9tats-Unis en 1875 et d\u00e9c\u00e9d\u00e9 en 1950, Dr Carter G. Woodson fut l\u2019instigateur de la Semaine des Noirs en f\u00e9vrier 1926 (la Negro History Week). Le mois de f\u00e9vrier fut choisi parce qu\u2019il correspondait au mois d\u2019anniversaire de naissance de deux grands abolitionnistes de l\u2019esclavage, Frederick Douglas et Abraham Lincoln. Cet [&hellip;]<\/p>\n","protected":false},"author":2,"featured_media":0,"parent":0,"menu_order":0,"comment_status":"closed","ping_status":"closed","template":"page-full-width.php","meta":{"_acf_changed":false,"footnotes":""},"class_list":["post-48","page","type-page","status-publish","hentry"],"acf":[],"jetpack_sharing_enabled":true,"_links":{"self":[{"href":"https:\/\/mhngatineau.com\/index.php?rest_route=\/wp\/v2\/pages\/48","targetHints":{"allow":["GET"]}}],"collection":[{"href":"https:\/\/mhngatineau.com\/index.php?rest_route=\/wp\/v2\/pages"}],"about":[{"href":"https:\/\/mhngatineau.com\/index.php?rest_route=\/wp\/v2\/types\/page"}],"author":[{"embeddable":true,"href":"https:\/\/mhngatineau.com\/index.php?rest_route=\/wp\/v2\/users\/2"}],"replies":[{"embeddable":true,"href":"https:\/\/mhngatineau.com\/index.php?rest_route=%2Fwp%2Fv2%2Fcomments&post=48"}],"version-history":[{"count":10,"href":"https:\/\/mhngatineau.com\/index.php?rest_route=\/wp\/v2\/pages\/48\/revisions"}],"predecessor-version":[{"id":5292,"href":"https:\/\/mhngatineau.com\/index.php?rest_route=\/wp\/v2\/pages\/48\/revisions\/5292"}],"wp:attachment":[{"href":"https:\/\/mhngatineau.com\/index.php?rest_route=%2Fwp%2Fv2%2Fmedia&parent=48"}],"curies":[{"name":"wp","href":"https:\/\/api.w.org\/{rel}","templated":true}]}}